{"id":5443,"date":"2025-06-12T09:36:45","date_gmt":"2025-06-12T08:36:45","guid":{"rendered":"https:\/\/informacitta.oristano.studioprogetto2.it\/?page_id=5443"},"modified":"2025-06-12T09:36:45","modified_gmt":"2025-06-12T08:36:45","slug":"violenza-di-genere","status":"publish","type":"page","link":"https:\/\/informacitta.oristano.studioprogetto2.it\/?page_id=5443","title":{"rendered":"Violenza di genere"},"content":{"rendered":"\n[et_pb_section fb_built=&#8221;1&#8243; _builder_version=&#8221;4.21.0&#8243; _module_preset=&#8221;default&#8221; global_colors_info=&#8221;{}&#8221;][et_pb_row _builder_version=&#8221;4.21.0&#8243; _module_preset=&#8221;default&#8221; background_image=&#8221;https:\/\/informacitta.oristano.studioprogetto2.it\/wp-content\/uploads\/2023\/06\/Schermata-2023-06-26-alle-15.52.31.png&#8221; width_tablet=&#8221;&#8221; width_phone=&#8221;&#8221; width_last_edited=&#8221;on|phone&#8221; global_colors_info=&#8221;{}&#8221;][et_pb_column type=&#8221;4_4&#8243; _builder_version=&#8221;4.21.0&#8243; _module_preset=&#8221;default&#8221; global_colors_info=&#8221;{}&#8221;][et_pb_image src=&#8221;https:\/\/informacitta.oristano.studioprogetto2.it\/wp-content\/uploads\/2025\/05\/shutterstock_2223477721-ai.jpg&#8221; title_text=&#8221;shutterstock_2223477721-ai&#8221; _builder_version=&#8221;4.21.0&#8243; _module_preset=&#8221;default&#8221; width=&#8221;65%&#8221; width_tablet=&#8221;65%&#8221; width_phone=&#8221;100%&#8221; width_last_edited=&#8221;on|tablet&#8221; global_colors_info=&#8221;{}&#8221;][\/et_pb_image][et_pb_text _builder_version=&#8221;4.21.0&#8243; _dynamic_attributes=&#8221;link_option_url&#8221; _module_preset=&#8221;default&#8221; text_font=&#8221;Montserrat||||||||&#8221; link_option_url=&#8221;@ET-DC@eyJkeW5hbWljIjp0cnVlLCJjb250ZW50IjoicG9zdF9saW5rX3VybF9hdHRhY2htZW50Iiwic2V0dGluZ3MiOnsicG9zdF9pZCI6IjUxOTgifX0=@&#8221; link_option_url_new_window=&#8221;on&#8221; hover_enabled=&#8221;0&#8243; global_colors_info=&#8221;{}&#8221; sticky_enabled=&#8221;0&#8243;]<div class=\"row\">\n<div class=\"offset-md-1 col-md-8 testolungo\">\n<div class=\"row\">\n<div class=\"offset-md-1 col-md-8 testolungo\">\n<p><strong>VIOLENZA DI GENERE<\/strong><\/p>\n<p>Scopri i servizi a Oristano a cui rivolgerti in caso di necessit\u00e0 e le iniziative in citt\u00e0<\/p>\n<p>L&#8217;espressione\u00a0<strong>violenza di genere<\/strong>\u00a0indica tutte quelle forme di violenza \u2013 sia psicologica sia fisica \u2013 rivolte a un vasto numero di persone discriminate in base al sesso, spesso indicata anche con la sigla\u00a0GBV &#8211;\u00a0<em>Gender Based Violence<\/em>.<\/p>\n<p>Il\u00a0<strong>25 novembre<\/strong>\u00a0viene celebrata ogni anno la\u00a0<strong>Giornata Internazionale per l&#8217;eliminazione della violenza contro le donne<\/strong>.<\/p>\n<p>In questa pagina trovi:<\/p>\n<ul>\n<li><a href=\"http:\/\/www.comune.torino.it\/torinogiovani\/salute-e-vita-affettiva\/violenza-di-genere#servizi\"><strong><\/strong><\/a><strong><a href=\"#Servizi a cui rivolgersi\">Servizi a cui rivolgersi<\/a> a<\/strong> <span>Oristano<\/span><br \/>se subisci maltrattamenti in famiglia, molestie sul lavoro, atti persecutori, violenza sessuale<\/li>\n<li><strong><a href=\"#Portali informativi\">Portali informativi<\/a><\/strong><br \/>risorse online\u00a0sul tema della violenza di genere.<\/li>\n<\/ul>\n<p>Se ti trovi in una\u00a0<strong>situazione di pericolo\u00a0<\/strong>chiama\u00a0subito\u00a0il\u00a0<strong>numero d&#8217;emergenza 112<\/strong>\u00a0per metterti in contatto\u00a0con la<strong>\u00a0<\/strong>Polizia\u00a0di Stato\u00a0o i\u00a0Carabinieri<strong>\u00a0<\/strong>oppure telefona alla<strong>\u00a0<\/strong>centrale operativa<strong>\u00a0<\/strong>della\u00a0<strong>Polizia Municipale di Oristano\u00a0<\/strong>al<strong>\u00a0<\/strong>numero\u00a0<strong>0110111<\/strong><br \/>Ti puoi rivolgere anche\u00a0al Commissariato di zona, gli indirizzi si trovano su\u00a0<a href=\"https:\/\/questure.poliziadistato.it\/servizio\/dovesiamo?_qf__dovesiamo_q=&amp;v=1&amp;guid_questura=5730dc9d25f6d157787896&amp;grafica=0&amp;Submit=Cerca\">Dove siamo &#8211; Polizia<\/a>.<br \/>In ogni ufficio si trova un locale chiamato &#8220;Una stanza tutta per s\u00e9&#8221;: si tratta di un ambiente protetto che ti aiuter\u00e0 nel dialogo e nella denuncia.<\/p>\n<p>Per un\u00a0<strong>supporto<\/strong>\u00a0psicologico e giuridico<strong>\u00a0<\/strong>e indicazioni sulle<strong>\u00a0<\/strong>strutture pubbliche e private a cui rivolgerti, puoi telefonare al\u00a0<strong>numero gratuito 1522<\/strong>.<br \/>Risponde un servizio multilingue della\u00a0<a href=\"https:\/\/www.interno.gov.it\/it\/contatti\/rete-nazionale-antiviolenza-sostegno-donne-vittime-violenza\">Rete Nazionale Antiviolenza a sostegno delle donne vittime di violenza<\/a>, attivo tutti i giorni 24 ore su 24<strong>.<\/strong><\/p>\n<p>Ti segnaliamo anche alcune\u00a0<strong>app\u00a0<\/strong>per\u00a0smartphone:<\/p>\n<ul>\n<li><strong>1522 Anti Violenza e Stalking<\/strong><br \/>App per\u00a0chiedere aiuto chattando con le operatrici, senza il rischio di essere ascoltata.<br \/>Disponibile su\u00a0<a href=\"https:\/\/play.google.com\/store\/apps\/details?id=it.telefonorosa.app1522&amp;hl=it&amp;gl=US\">Google Play Store<\/a>\u00a0e\u00a0<a href=\"https:\/\/apps.apple.com\/it\/app\/1522-anti-violenza-e-stalking\/id1278252704\">App Store<\/a><\/li>\n<li><strong>YouPol<\/strong><br \/>App per\u00a0trasmettere in tempo reale messaggi e immagini alla Polizia di Stato, in caso di necessit\u00e0 il tuo telefono viene geolocalizzato.<br \/>Disponibile su\u00a0<a href=\"https:\/\/play.google.com\/store\/apps\/details?id=it.poliziadistato.youpol&amp;hl=it&amp;gl=US\">Google Play Store<\/a>\u00a0e\u00a0<a href=\"https:\/\/apps.apple.com\/it\/app\/youpol\/id1280831175\">App Store<\/a><\/li>\n<li><strong>112 Where ARE U<\/strong><br \/>App per chiamare il Numero di Emergenza Europeo 112.<br \/>Invia\u00a0automaticamente i dati di localizzazione. E&#8217; necessario registrarsi e inserire nome, cognome e numero di telefono. E&#8217; possibile effettuare anche una &#8220;chiamata silenziosa&#8221; o chattare con un operatore.<br \/>Disponibile su\u00a0<a href=\"https:\/\/play.google.com\/store\/apps\/details?id=it.Beta80Group.whereareu&amp;hl=it\">Google Play Store<\/a>\u00a0e\u00a0<a href=\"https:\/\/apps.apple.com\/it\/app\/112-where-are-u\/id888964800\">App Store<\/a>.<\/li>\n<\/ul>\n<p><a name=\"Servizi a cui rivolgersi\"><\/a><strong>SERVIZI A CUI RIVOLGERSI A ORISTANO<\/strong><\/p>\n<ul>\n<li><a href=\"http:\/\/www.centroantiviolenzaoristano.it\/\">centroantiviolenzaoristano<\/a>:<\/li>\n<\/ul>\n<p>Sede Centro Antiviolenza:<\/p>\n<p><strong>Via Tirso n\u00b08 \u2013 CAP 09170 Oristano\u00a0<\/strong><\/p>\n<p>Tel:\u00a0<span><strong>0783 71286<\/strong><\/span><\/p>\n<p><strong>\u00a0<\/strong><\/p>\n<p><strong>Orari apertura del\u00a0<\/strong><em><strong>CENTRO D\u2019ASCOLTO:<\/strong><\/em><\/p>\n<p><em>Luned\u00ec e Marted\u00ec\u00a0dalle 09.00 alle 13.00<\/em><\/p>\n<p><em>Gioved\u00ec : dalle 16.00 alle 18.00<\/em><\/p>\n<p>&nbsp;<\/p>\n<p>Il Centro Antiviolenza Donna Eleonora, per tutte le attivit\u00e0 collaterali, i percorsi e le emergenze,\u00a0\u00e8 attivo dal luned\u00ec al venerd\u00ec dalle 09.00 alle 13.00 e dalle 14.00 alle 18.00.<\/p>\n<p>&nbsp;<\/p>\n<p><strong>Indirizzo e-mail<\/strong>: \u00a0info@centroantiviolenzaoristano.it<\/p>\n<p><strong>Facebook:\u00a0<\/strong><a href=\"https:\/\/www.facebook.com\/centroantiviolenza.donnaeleonora\">https:\/\/www.facebook.com\/centroantiviolenza.donnaeleonora<\/a><\/p>\n<p>&nbsp;<\/p>\n<p>Ad ogni donna che contatta il centro sono garantiti anonimato, riservatezza e gratuit\u00e0 dei servizi offerti. Le donne che si rivolgono al Centro potranno contare sulla presenza di operatrici qualificate: psicologa, educatrice professionale e assistente sociale che lavorano in equipe per rispondere alla complessit\u00e0 dei bisogni di tutte.<\/p>\n<p><em>Tel:\u00a0<strong>1522 \u2013\u00a0<\/strong>Servizio Nazionale Unificato di accoglienza telefonica<\/em><\/p>\n<p><a name=\"Portali informativi\"><\/a><strong>PORTALI INFORMATIVI<\/strong><\/p>\n<ul>\n<li><a href=\"https:\/\/www.pariopportunita.gov.it\/it\/politiche-e-attivita\/violenza-di-genere\/in-breve\/\">Dipartimento per le Pari Opportunit\u00e0 del Governo italiano<\/a><br \/>Mappa dei centri antiviolenza, normativa, dati,\u00a0piani d&#8217;azione<\/li>\n<li><a href=\"https:\/\/www.direcontrolaviolenza.it\/\">Donne in Rete contro la violenza<\/a><br \/>Prima associazione italiana a carattere nazionale di centri antiviolenza non istituzionali e gestiti da associazioni di donne<\/li>\n<li><a href=\"http:\/\/www.educarealledifferenze.it\/\">Educare alle differenze<\/a><br \/>Rete nazionale di associazioni per la promozione dei diritti a livello educativo<\/li>\n<li><a href=\"https:\/\/www.ondaosservatorio.it\/\">Fondazione Onda<\/a><br \/>Osservatorio nazionale sulla salute delle donne e di genere<\/li>\n<li><a href=\"https:\/\/it.babbel.com\/identificare-discriminazione-di-genere-nel-linguaggio\">Sessismo e linguaggio: le parole della violenza di genere<\/a><br \/>Come riconoscere e combattere la violenza verbale contro le donne &#8211; guida online a cura di Babbel.<\/li>\n<\/ul>\n<p>&nbsp;<\/p>\n<p>&nbsp;<\/p>\n<\/div>\n<\/div>\n<\/div>\n<\/div>[\/et_pb_text][\/et_pb_column][\/et_pb_row][\/et_pb_section]\n","protected":false},"excerpt":{"rendered":"<p>VIOLENZA DI GENERE Scopri i servizi a Oristano a cui rivolgerti in caso di necessit\u00e0 e le iniziative in citt\u00e0 L&#8217;espressione\u00a0violenza di genere\u00a0indica tutte quelle forme di violenza \u2013 sia psicologica sia fisica \u2013 rivolte a un vasto numero di persone discriminate in base al sesso, spesso indicata anche con la sigla\u00a0GBV &#8211;\u00a0Gender Based Violence. [&hellip;]<\/p>\n","protected":false},"author":6,"featured_media":0,"parent":0,"menu_order":0,"comment_status":"closed","ping_status":"closed","template":"","meta":{"_et_pb_use_builder":"on","_et_pb_old_content":"","_et_gb_content_width":""},"_links":{"self":[{"href":"https:\/\/informacitta.oristano.studioprogetto2.it\/index.php?rest_route=\/wp\/v2\/pages\/5443"}],"collection":[{"href":"https:\/\/informacitta.oristano.studioprogetto2.it\/index.php?rest_route=\/wp\/v2\/pages"}],"about":[{"href":"https:\/\/informacitta.oristano.studioprogetto2.it\/index.php?rest_route=\/wp\/v2\/types\/page"}],"author":[{"embeddable":true,"href":"https:\/\/informacitta.oristano.studioprogetto2.it\/index.php?rest_route=\/wp\/v2\/users\/6"}],"replies":[{"embeddable":true,"href":"https:\/\/informacitta.oristano.studioprogetto2.it\/index.php?rest_route=%2Fwp%2Fv2%2Fcomments&post=5443"}],"version-history":[{"count":7,"href":"https:\/\/informacitta.oristano.studioprogetto2.it\/index.php?rest_route=\/wp\/v2\/pages\/5443\/revisions"}],"predecessor-version":[{"id":5590,"href":"https:\/\/informacitta.oristano.studioprogetto2.it\/index.php?rest_route=\/wp\/v2\/pages\/5443\/revisions\/5590"}],"wp:attachment":[{"href":"https:\/\/informacitta.oristano.studioprogetto2.it\/index.php?rest_route=%2Fwp%2Fv2%2Fmedia&parent=5443"}],"curies":[{"name":"wp","href":"https:\/\/api.w.org\/{rel}","templated":true}]}}