{"id":288,"date":"2023-06-06T16:55:14","date_gmt":"2023-06-06T15:55:14","guid":{"rendered":"http:\/\/informacitta.oristano.studioprogetto2.it\/?page_id=288"},"modified":"2024-01-04T10:21:28","modified_gmt":"2024-01-04T09:21:28","slug":"chi-siamo","status":"publish","type":"page","link":"https:\/\/informacitta.oristano.studioprogetto2.it\/?page_id=288","title":{"rendered":"Chi Siamo"},"content":{"rendered":"<p>[et_pb_section fb_built=&#8221;1&#8243; disabled_on=&#8221;on|on|off&#8221; _builder_version=&#8221;4.21.0&#8243; _module_preset=&#8221;default&#8221; use_background_color_gradient=&#8221;on&#8221; background_color_gradient_direction=&#8221;91deg&#8221; background_color_gradient_stops=&#8221;#edf8fc 14%|rgba(255,255,255,0) 39%&#8221; custom_padding=&#8221;153px||4px|||&#8221; global_colors_info=&#8221;{}&#8221;][et_pb_row column_structure=&#8221;2_5,3_5&#8243; _builder_version=&#8221;4.21.0&#8243; _module_preset=&#8221;default&#8221; width=&#8221;93%&#8221; max_width=&#8221;1169px&#8221; custom_margin=&#8221;|109px||176px||&#8221; global_colors_info=&#8221;{}&#8221;][et_pb_column type=&#8221;2_5&#8243; _builder_version=&#8221;4.21.0&#8243; _module_preset=&#8221;default&#8221; global_colors_info=&#8221;{}&#8221;][et_pb_image src=&#8221;https:\/\/informacitta.oristano.studioprogetto2.it\/wp-content\/uploads\/2023\/06\/1.png&#8221; title_text=&#8221;1&#8243; _builder_version=&#8221;4.21.0&#8243; _module_preset=&#8221;default&#8221; custom_padding=&#8221;27px|||||&#8221; global_colors_info=&#8221;{}&#8221;][\/et_pb_image][\/et_pb_column][et_pb_column type=&#8221;3_5&#8243; _builder_version=&#8221;4.21.0&#8243; _module_preset=&#8221;default&#8221; global_colors_info=&#8221;{}&#8221;][et_pb_text _builder_version=&#8221;4.21.0&#8243; _module_preset=&#8221;default&#8221; text_font=&#8221;Montserrat|800|||||||&#8221; text_text_color=&#8221;#0965a2&#8243; text_font_size=&#8221;45px&#8221; header_font=&#8221;Montserrat|700|||||||&#8221; header_font_size=&#8221;48px&#8221; min_height=&#8221;12px&#8221; global_colors_info=&#8221;{}&#8221;]<\/p>\n<p>| Chi Siamo<\/p>\n<p>[\/et_pb_text][et_pb_text _builder_version=&#8221;4.21.0&#8243; _module_preset=&#8221;default&#8221; text_font=&#8221;Montserrat|300|||||||&#8221; text_text_color=&#8221;#02385c&#8221; text_font_size=&#8221;22px&#8221; background_layout=&#8221;dark&#8221; custom_margin=&#8221;0px||||false|false&#8221; custom_padding=&#8221;56px||||false|false&#8221; global_colors_info=&#8221;{}&#8221;]<\/p>\n<p style=\"text-align: justify;\"><span style=\"font-size: large;\">L\u2019informacitt\u00e0 \u00e8 un servizio gratuito di accoglienza, informazione e orientamento destinato ai giovani e all\u2019intera comunit\u00e0 che affonda le sue radici nel 1994 con l&#8217;apertura della nostra prima sede in via Lazio.\u00a0<\/span><\/p>\n<p style=\"text-align: justify;\"><span style=\"font-size: large;\">Grazie ad aggiornamenti costanti, e all&#8217;appoggio della Cooperativa Sociale Studio e Progetto 2, ogni giorno lavoriamo per guidare la comunit\u00e0 verso le soluzioni pi\u00f9 adatte alle loro esigenze e necessit\u00e0<\/span><\/p>\n<p><span><\/span><\/p>\n<p>[\/et_pb_text][\/et_pb_column][\/et_pb_row][et_pb_row _builder_version=&#8221;4.21.0&#8243; _module_preset=&#8221;default&#8221; global_colors_info=&#8221;{}&#8221;][et_pb_column type=&#8221;4_4&#8243; _builder_version=&#8221;4.21.0&#8243; _module_preset=&#8221;default&#8221; global_colors_info=&#8221;{}&#8221;][et_pb_divider color=&#8221;RGBA(255,255,255,0)&#8221; divider_weight_tablet=&#8221;&#8221; divider_weight_phone=&#8221;&#8221; divider_weight_last_edited=&#8221;on|desktop&#8221; _builder_version=&#8221;4.21.0&#8243; _module_preset=&#8221;default&#8221; custom_padding=&#8221;54px||||false|false&#8221; global_colors_info=&#8221;{}&#8221;][\/et_pb_divider][\/et_pb_column][\/et_pb_row][\/et_pb_section][et_pb_section fb_built=&#8221;1&#8243; disabled_on=&#8221;on|off|on&#8221; _builder_version=&#8221;4.21.0&#8243; _module_preset=&#8221;default&#8221; use_background_color_gradient=&#8221;on&#8221; background_color_gradient_direction=&#8221;91deg&#8221; background_color_gradient_stops=&#8221;#edf8fc 14%|rgba(255,255,255,0) 39%&#8221; custom_padding=&#8221;60px||4px|||&#8221; global_colors_info=&#8221;{}&#8221;][et_pb_row _builder_version=&#8221;4.21.0&#8243; _module_preset=&#8221;default&#8221; module_alignment=&#8221;center&#8221; custom_margin=&#8221;10px|109px||18px|false|false&#8221; custom_padding=&#8221;5px|||||&#8221; global_colors_info=&#8221;{}&#8221;][et_pb_column type=&#8221;4_4&#8243; _builder_version=&#8221;4.21.0&#8243; _module_preset=&#8221;default&#8221; global_colors_info=&#8221;{}&#8221;][et_pb_image src=&#8221;https:\/\/informacitta.oristano.studioprogetto2.it\/wp-content\/uploads\/2023\/06\/1.png&#8221; title_text=&#8221;1&#8243; _builder_version=&#8221;4.21.0&#8243; _module_preset=&#8221;default&#8221; width=&#8221;100%&#8221; max_width=&#8221;72%&#8221; module_alignment=&#8221;center&#8221; custom_margin=&#8221;40px||60px||false|false&#8221; custom_padding=&#8221;27px||||false|false&#8221; global_colors_info=&#8221;{}&#8221;][\/et_pb_image][et_pb_text disabled_on=&#8221;off|on|off&#8221; _builder_version=&#8221;4.21.0&#8243; _module_preset=&#8221;default&#8221; text_font=&#8221;Montserrat|800|||||||&#8221; text_text_color=&#8221;#0965a2&#8243; text_font_size=&#8221;26px&#8221; header_font=&#8221;Montserrat|700|||||||&#8221; header_font_size=&#8221;49px&#8221; text_orientation=&#8221;center&#8221; min_height=&#8221;12px&#8221; custom_margin=&#8221;-7px|||-111px|false|false&#8221; custom_padding=&#8221;0px||||false|false&#8221; global_colors_info=&#8221;{}&#8221;]<\/p>\n<p>| Chi Siamo<\/p>\n<p>[\/et_pb_text][et_pb_text disabled_on=&#8221;on|off|on&#8221; _builder_version=&#8221;4.21.0&#8243; _module_preset=&#8221;default&#8221; text_font=&#8221;Montserrat|800|||||||&#8221; text_text_color=&#8221;#0965a2&#8243; text_font_size=&#8221;32px&#8221; header_font=&#8221;Montserrat|700|||||||&#8221; header_font_size=&#8221;47px&#8221; max_width=&#8221;80%&#8221; module_alignment=&#8221;left&#8221; min_height=&#8221;12px&#8221; custom_margin=&#8221;|0px||0px|false|true&#8221; custom_padding=&#8221;|0px||0px|false|true&#8221; global_colors_info=&#8221;{}&#8221;]<\/p>\n<p style=\"text-align: left;\">\u00a0 \u00a0 \u00a0 \u00a0| Chi Siamo<\/p>\n<p>[\/et_pb_text][et_pb_text _builder_version=&#8221;4.21.0&#8243; _module_preset=&#8221;default&#8221; text_font=&#8221;Montserrat|300|||||||&#8221; text_text_color=&#8221;#02385c&#8221; text_font_size=&#8221;22px&#8221; background_layout=&#8221;dark&#8221; max_width=&#8221;95%&#8221; module_alignment=&#8221;center&#8221; custom_margin=&#8221;0px|0px|-30px|0px|false|true&#8221; custom_padding=&#8221;2px|49px|0px|49px|false|true&#8221; global_colors_info=&#8221;{}&#8221;]<\/p>\n<p style=\"text-align: justify;\"><span style=\"font-size: large;\">L\u2019informacitt\u00e0 \u00e8 un servizio gratuito di accoglienza, informazione e orientamento destinato ai giovani e all\u2019intera comunit\u00e0 che affonda le sue radici nel 1994 con l&#8217;apertura della nostra prima sede in via Lazio.\u00a0<\/span><\/p>\n<p style=\"text-align: justify;\"><span style=\"font-size: large;\">Grazie ad aggiornamenti costanti, e all&#8217;appoggio della Cooperativa Sociale Studio e Progetto 2, ogni giorno lavoriamo per guidare la comunit\u00e0 verso le soluzioni pi\u00f9 adatte alle loro esigenze e necessit\u00e0<\/span><\/p>\n<p><span><\/span><\/p>\n<p>[\/et_pb_text][\/et_pb_column][\/et_pb_row][\/et_pb_section][et_pb_section fb_built=&#8221;1&#8243; disabled_on=&#8221;off|on|on&#8221; _builder_version=&#8221;4.21.0&#8243; _module_preset=&#8221;default&#8221; use_background_color_gradient=&#8221;on&#8221; background_color_gradient_direction=&#8221;91deg&#8221; background_color_gradient_stops=&#8221;#edf8fc 14%|rgba(255,255,255,0) 39%&#8221; custom_padding=&#8221;28px||4px|||&#8221; global_colors_info=&#8221;{}&#8221;][et_pb_row _builder_version=&#8221;4.21.0&#8243; _module_preset=&#8221;default&#8221; max_width=&#8221;1180px&#8221; module_alignment=&#8221;center&#8221; custom_margin=&#8221;-10px|109px||18px|false|false&#8221; custom_padding=&#8221;5px|||||&#8221; global_colors_info=&#8221;{}&#8221;][et_pb_column type=&#8221;4_4&#8243; _builder_version=&#8221;4.21.0&#8243; _module_preset=&#8221;default&#8221; global_colors_info=&#8221;{}&#8221;][et_pb_image src=&#8221;https:\/\/informacitta.oristano.studioprogetto2.it\/wp-content\/uploads\/2023\/06\/1.png&#8221; title_text=&#8221;1&#8243; _builder_version=&#8221;4.21.0&#8243; _module_preset=&#8221;default&#8221; width=&#8221;100%&#8221; max_width=&#8221;95%&#8221; module_alignment=&#8221;center&#8221; custom_margin=&#8221;40px||60px||false|false&#8221; custom_padding=&#8221;27px||||false|false&#8221; global_colors_info=&#8221;{}&#8221;][\/et_pb_image][et_pb_text disabled_on=&#8221;off|on|off&#8221; _builder_version=&#8221;4.21.0&#8243; _module_preset=&#8221;default&#8221; text_font=&#8221;Montserrat|800|||||||&#8221; text_text_color=&#8221;#0965a2&#8243; text_font_size=&#8221;25px&#8221; header_font=&#8221;Montserrat|700|||||||&#8221; header_font_size=&#8221;49px&#8221; text_orientation=&#8221;center&#8221; min_height=&#8221;12px&#8221; custom_margin=&#8221;-7px|0px||0px|false|true&#8221; custom_padding=&#8221;0px|0px||0px|false|true&#8221; global_colors_info=&#8221;{}&#8221;]<\/p>\n<p style=\"text-align: left;\">| Chi Siamo<\/p>\n<p>[\/et_pb_text][et_pb_text disabled_on=&#8221;on|off|on&#8221; _builder_version=&#8221;4.21.0&#8243; _module_preset=&#8221;default&#8221; text_font=&#8221;Montserrat|800|||||||&#8221; text_text_color=&#8221;#0965a2&#8243; text_font_size=&#8221;28px&#8221; header_font=&#8221;Montserrat|700|||||||&#8221; header_font_size=&#8221;47px&#8221; text_orientation=&#8221;center&#8221; min_height=&#8221;12px&#8221; custom_margin=&#8221;|||-376px|false|false&#8221; global_colors_info=&#8221;{}&#8221;]<\/p>\n<p>| Chi Siamo<\/p>\n<p>[\/et_pb_text][et_pb_text _builder_version=&#8221;4.21.0&#8243; _module_preset=&#8221;default&#8221; text_font=&#8221;Montserrat|300|||||||&#8221; text_text_color=&#8221;#02385c&#8221; text_font_size=&#8221;13px&#8221; background_layout=&#8221;dark&#8221; custom_margin=&#8221;0px||||false|false&#8221; custom_padding=&#8221;3px|10px||10px|false|true&#8221; global_colors_info=&#8221;{}&#8221;]<\/p>\n<p style=\"text-align: justify;\"><span style=\"font-size: large;\">L\u2019informacitt\u00e0 \u00e8 un servizio gratuito di accoglienza, informazione e orientamento destinato ai giovani e all\u2019intera comunit\u00e0 che affonda le sue radici nel 1994 con l&#8217;apertura della nostra prima sede in via Lazio.\u00a0<\/span><\/p>\n<p style=\"text-align: justify;\"><span style=\"font-size: large;\">Grazie ad aggiornamenti costanti, e all&#8217;appoggio della Cooperativa Sociale Studio e Progetto 2, ogni giorno lavoriamo per guidare la comunit\u00e0 verso le soluzioni pi\u00f9 adatte alle loro esigenze e necessit\u00e0<\/span><\/p>\n<p><span><\/span><\/p>\n<p>[\/et_pb_text][\/et_pb_column][\/et_pb_row][\/et_pb_section][et_pb_section fb_built=&#8221;1&#8243; disabled_on=&#8221;on|on|off&#8221; _builder_version=&#8221;4.21.0&#8243; _module_preset=&#8221;default&#8221; use_background_color_gradient=&#8221;on&#8221; background_color_gradient_direction=&#8221;247deg&#8221; background_color_gradient_stops=&#8221;#edf8fc 15%|rgba(255,255,255,0) 39%&#8221; custom_margin=&#8221;-21px|||||&#8221; custom_padding=&#8221;135px||89px|||&#8221; global_colors_info=&#8221;{}&#8221;][et_pb_row column_structure=&#8221;1_2,1_2&#8243; _builder_version=&#8221;4.21.0&#8243; _module_preset=&#8221;default&#8221; width=&#8221;94.6%&#8221; max_width=&#8221;1169px&#8221; module_alignment=&#8221;center&#8221; custom_margin=&#8221;|153px||-32px|false|false&#8221; custom_padding=&#8221;|||48px|false|false&#8221; global_colors_info=&#8221;{}&#8221;][et_pb_column type=&#8221;1_2&#8243; _builder_version=&#8221;4.21.0&#8243; _module_preset=&#8221;default&#8221; global_colors_info=&#8221;{}&#8221;][et_pb_text _builder_version=&#8221;4.21.0&#8243; _module_preset=&#8221;default&#8221; text_font=&#8221;Montserrat|800|||||||&#8221; text_text_color=&#8221;#0965a2&#8243; text_font_size=&#8221;45px&#8221; text_line_height=&#8221;1em&#8221; header_font=&#8221;Montserrat|700|||||||&#8221; header_font_size=&#8221;51px&#8221; min_height=&#8221;12px&#8221; custom_margin=&#8221;|-255px||-60px||&#8221; custom_padding=&#8221;|||19px||&#8221; global_colors_info=&#8221;{}&#8221;]<\/p>\n<p>| La Nostra Mission<\/p>\n<p>[\/et_pb_text][et_pb_text _builder_version=&#8221;4.21.0&#8243; _module_preset=&#8221;default&#8221; text_font=&#8221;Montserrat|300|||||||&#8221; text_text_color=&#8221;#02385c&#8221; text_font_size=&#8221;22px&#8221; background_layout=&#8221;dark&#8221; custom_margin=&#8221;0px|-60px||-57px|false|false&#8221; custom_padding=&#8221;56px|||23px|false|false&#8221; global_colors_info=&#8221;{}&#8221;]<\/p>\n<p style=\"text-align: justify;\"><span style=\"font-size: large;\">Il nostro obiettivo \u00e8 quello di fornire supporti informativi e di primo orientamento che consentano ai cittadini di compiere le scelte pi\u00f9 opportune e consapevoli rispetto al proprio futuro.\u00a0<\/span><\/p>\n<p style=\"text-align: justify;\"><span style=\"font-size: large;\">Ecco perch\u00e9 cerchiamo di offrire un&#8217;informazione trasversale e completa in grado di abbracciare numerosissime aree tematiche: \u00a0dai temi della salute, ai diritti del cittadino, alla solidariet\u00e0 sociale, allo sport, al tempo libero, al lavoro, all\u2019istruzione e alla formazione professionale.\u00a0<\/span><br \/><span style=\"font-size: large;\"><\/span><br \/><span style=\"font-size: large;\"><\/span><\/p>\n<p style=\"text-align: justify;\">\n<p><span style=\"font-size: large;\"><\/span><\/p>\n<p><span><\/span><\/p>\n<p>[\/et_pb_text][\/et_pb_column][et_pb_column type=&#8221;1_2&#8243; _builder_version=&#8221;4.21.0&#8243; _module_preset=&#8221;default&#8221; global_colors_info=&#8221;{}&#8221;][et_pb_image src=&#8221;https:\/\/informacitta.oristano.studioprogetto2.it\/wp-content\/uploads\/2023\/06\/2.png&#8221; title_text=&#8221;2&#8243; _builder_version=&#8221;4.21.0&#8243; _module_preset=&#8221;default&#8221; max_width=&#8221;78%&#8221; custom_margin=&#8221;|0px||65px|false|false&#8221; custom_padding=&#8221;67px|0px||0px|false|false&#8221; hover_enabled=&#8221;0&#8243; global_colors_info=&#8221;{}&#8221; sticky_enabled=&#8221;0&#8243;][\/et_pb_image][\/et_pb_column][\/et_pb_row][\/et_pb_section][et_pb_section fb_built=&#8221;1&#8243; disabled_on=&#8221;on|off|on&#8221; _builder_version=&#8221;4.21.0&#8243; _module_preset=&#8221;default&#8221; use_background_color_gradient=&#8221;on&#8221; background_color_gradient_direction=&#8221;91deg&#8221; background_color_gradient_stops=&#8221;#edf8fc 14%|rgba(255,255,255,0) 39%&#8221; custom_padding=&#8221;15px||4px|||&#8221; global_colors_info=&#8221;{}&#8221;][et_pb_row _builder_version=&#8221;4.21.0&#8243; _module_preset=&#8221;default&#8221; module_alignment=&#8221;center&#8221; custom_margin=&#8221;10px|109px||18px|false|false&#8221; custom_padding=&#8221;5px|||||&#8221; global_colors_info=&#8221;{}&#8221;][et_pb_column type=&#8221;4_4&#8243; _builder_version=&#8221;4.21.0&#8243; _module_preset=&#8221;default&#8221; global_colors_info=&#8221;{}&#8221;][et_pb_image src=&#8221;https:\/\/informacitta.oristano.studioprogetto2.it\/wp-content\/uploads\/2023\/06\/2.png&#8221; title_text=&#8221;2&#8243; _builder_version=&#8221;4.21.0&#8243; _module_preset=&#8221;default&#8221; max_width=&#8221;80%&#8221; module_alignment=&#8221;center&#8221; custom_margin=&#8221;|||175px|false|false&#8221; custom_padding=&#8221;67px|12px||10px|false|false&#8221; global_colors_info=&#8221;{}&#8221;][\/et_pb_image][et_pb_text disabled_on=&#8221;off|on|off&#8221; _builder_version=&#8221;4.21.0&#8243; _module_preset=&#8221;default&#8221; text_font=&#8221;Montserrat|800|||||||&#8221; text_text_color=&#8221;#0965a2&#8243; text_font_size=&#8221;26px&#8221; text_line_height=&#8221;1em&#8221; header_font=&#8221;Montserrat|700|||||||&#8221; header_font_size=&#8221;51px&#8221; text_orientation=&#8221;center&#8221; min_height=&#8221;12px&#8221; custom_margin=&#8221;|-255px||-288px|false|false&#8221; custom_padding=&#8221;15px|||19px|false|false&#8221; global_colors_info=&#8221;{}&#8221;]<\/p>\n<p>| La Nostra Mission<\/p>\n<p>[\/et_pb_text][et_pb_text disabled_on=&#8221;on|off|on&#8221; _builder_version=&#8221;4.21.0&#8243; _module_preset=&#8221;default&#8221; text_font=&#8221;Montserrat|800|||||||&#8221; text_text_color=&#8221;#0965a2&#8243; text_font_size=&#8221;32px&#8221; header_font=&#8221;Montserrat|700|||||||&#8221; header_font_size=&#8221;47px&#8221; max_width=&#8221;80%&#8221; module_alignment=&#8221;left&#8221; min_height=&#8221;12px&#8221; custom_margin=&#8221;60px|0px||0px|false|true&#8221; custom_padding=&#8221;|0px||0px|false|true&#8221; global_colors_info=&#8221;{}&#8221;]<\/p>\n<p>\u00a0 \u00a0 \u00a0 \u00a0| La Nostra Mission<\/p>\n<p>[\/et_pb_text][et_pb_text _builder_version=&#8221;4.21.0&#8243; _module_preset=&#8221;default&#8221; text_font=&#8221;Montserrat|300|||||||&#8221; text_text_color=&#8221;#02385c&#8221; text_font_size=&#8221;22px&#8221; background_layout=&#8221;dark&#8221; max_width=&#8221;95%&#8221; module_alignment=&#8221;center&#8221; custom_margin=&#8221;0px|0px|-30px|0px|false|true&#8221; custom_padding=&#8221;2px|49px|0px|49px|false|true&#8221; global_colors_info=&#8221;{}&#8221;]<\/p>\n<p style=\"text-align: justify;\"><span style=\"font-size: large;\">Il nostro obiettivo \u00e8 quello di fornire supporti informativi e di primo orientamento che consentano ai cittadini di compiere le scelte pi\u00f9 opportune e consapevoli rispetto al proprio futuro.\u00a0<\/span><\/p>\n<p style=\"text-align: justify;\"><span style=\"font-size: large;\">Ecco perch\u00e9 cerchiamo di offrire un&#8217;informazione trasversale e completa in grado di abbracciare numerosissime aree tematiche: \u00a0dai temi della salute, ai diritti del cittadino, alla solidariet\u00e0 sociale, allo sport, al tempo libero, al lavoro, all\u2019istruzione e alla formazione professionale.\u00a0<\/span><br \/><span style=\"font-size: large;\"><\/span><br \/><span style=\"font-size: large;\"><\/span><\/p>\n<p style=\"text-align: justify;\"><span style=\"font-size: large;\"><\/span><\/p>\n<p><span><\/span><\/p>\n<p>[\/et_pb_text][\/et_pb_column][\/et_pb_row][et_pb_row _builder_version=&#8221;4.21.0&#8243; _module_preset=&#8221;default&#8221; module_alignment=&#8221;center&#8221; custom_margin=&#8221;10px|109px||18px|false|false&#8221; custom_padding=&#8221;5px|||||&#8221; global_colors_info=&#8221;{}&#8221;][et_pb_column type=&#8221;4_4&#8243; _builder_version=&#8221;4.21.0&#8243; _module_preset=&#8221;default&#8221; global_colors_info=&#8221;{}&#8221;][et_pb_image src=&#8221;https:\/\/informacitta.oristano.studioprogetto2.it\/wp-content\/uploads\/2023\/06\/3.png&#8221; title_text=&#8221;3&#8243; src_tablet=&#8221;https:\/\/informacitta.oristano.studioprogetto2.it\/wp-content\/uploads\/2023\/06\/3.png&#8221; src_phone=&#8221;https:\/\/informacitta.oristano.studioprogetto2.it\/wp-content\/uploads\/2023\/06\/3.png&#8221; src_last_edited=&#8221;on|desktop&#8221; _builder_version=&#8221;4.21.0&#8243; _module_preset=&#8221;default&#8221; max_width=&#8221;80%&#8221; module_alignment=&#8221;center&#8221; custom_margin=&#8221;|||175px|false|false&#8221; custom_padding=&#8221;67px|12px||10px|false|false&#8221; global_colors_info=&#8221;{}&#8221;][\/et_pb_image][et_pb_text disabled_on=&#8221;off|on|off&#8221; _builder_version=&#8221;4.21.0&#8243; _module_preset=&#8221;default&#8221; text_font=&#8221;Montserrat|800|||||||&#8221; text_text_color=&#8221;#0965a2&#8243; text_font_size=&#8221;26px&#8221; text_line_height=&#8221;1em&#8221; header_font=&#8221;Montserrat|700|||||||&#8221; header_font_size=&#8221;51px&#8221; text_orientation=&#8221;center&#8221; min_height=&#8221;12px&#8221; custom_margin=&#8221;|-255px||-269px|false|false&#8221; custom_padding=&#8221;15px|||19px|false|false&#8221; global_colors_info=&#8221;{}&#8221;]<\/p>\n<p>| Studio &amp; Progetto 2<\/p>\n<p>[\/et_pb_text][et_pb_text disabled_on=&#8221;on|off|on&#8221; _builder_version=&#8221;4.21.0&#8243; _module_preset=&#8221;default&#8221; text_font=&#8221;Montserrat|800|||||||&#8221; text_text_color=&#8221;#0965a2&#8243; text_font_size=&#8221;32px&#8221; header_font=&#8221;Montserrat|700|||||||&#8221; header_font_size=&#8221;47px&#8221; max_width=&#8221;80%&#8221; module_alignment=&#8221;left&#8221; min_height=&#8221;12px&#8221; custom_margin=&#8221;60px|0px||0px|false|true&#8221; custom_padding=&#8221;|0px||0px|false|true&#8221; global_colors_info=&#8221;{}&#8221;]<\/p>\n<p>\u00a0 \u00a0 \u00a0 \u00a0| Studio &amp; Progetto 2<\/p>\n<p>[\/et_pb_text][et_pb_text _builder_version=&#8221;4.21.0&#8243; _module_preset=&#8221;default&#8221; text_font=&#8221;Montserrat|300|||||||&#8221; text_text_color=&#8221;#02385c&#8221; text_font_size=&#8221;22px&#8221; background_layout=&#8221;dark&#8221; max_width=&#8221;95%&#8221; module_alignment=&#8221;center&#8221; custom_margin=&#8221;0px|0px|-30px|0px|false|true&#8221; custom_padding=&#8221;2px|49px|0px|49px|false|true&#8221; global_colors_info=&#8221;{}&#8221;]<\/p>\n<p style=\"text-align: justify;\"><span style=\"font-size: large;\">Il progetto cresce e si concretizza maggiormente nel 1999 grazie alla Cooperativa sociale Studio e Progetto 2, una societ\u00e0 senza fini di lucro che opera nel campo della gestione dell\u2019informazione, dei servizi, della promozione sociale e dello sviluppo socio-economico del territorio. <\/span><\/p>\n<p style=\"text-align: justify;\"><span style=\"font-size: large;\">La cooperativa nasce nel 1992 dal consolidamento e dall\u2019elaborazione di idee ed esperienze maturate da professionisti del sociale, della comunicazione e della gestione delle risorse. Un connubio importante che ha consentito la creazione di progetti di informazione, consulenza, orientamento, aggregazione e prevenzione del disagio<\/span><\/p>\n<p style=\"text-align: justify;\"><span style=\"font-size: large;\"><\/span><\/p>\n<p>[\/et_pb_text][et_pb_social_media_follow use_icon_font_size=&#8221;on&#8221; icon_font_size=&#8221;20px&#8221; disabled_on=&#8221;off|off|on&#8221; admin_label=&#8221;Social Media Follow&#8221; _builder_version=&#8221;4.21.0&#8243; _module_preset=&#8221;default&#8221; text_orientation=&#8221;center&#8221; width=&#8221;64%&#8221; max_width=&#8221;20%&#8221; module_alignment=&#8221;center&#8221; custom_margin=&#8221;72px|0px|93px|0px|false|true&#8221; custom_padding=&#8221;0px|0px||0px|false|true&#8221; global_colors_info=&#8221;{}&#8221;][et_pb_social_media_follow_network social_network=&#8221;facebook&#8221; url=&#8221;https:\/\/www.facebook.com\/StudioeProgetto2\/&#8221; _builder_version=&#8221;4.21.0&#8243; _module_preset=&#8221;default&#8221; background_color=&#8221;#0c7a38&#8243; background_enable_color=&#8221;on&#8221; global_colors_info=&#8221;{}&#8221; follow_button=&#8221;off&#8221; url_new_window=&#8221;on&#8221;]facebook[\/et_pb_social_media_follow_network][et_pb_social_media_follow_network social_network=&#8221;instagram&#8221; url=&#8221;https:\/\/www.instagram.com\/studioeprogetto2\/&#8221; _builder_version=&#8221;4.21.0&#8243; _module_preset=&#8221;default&#8221; background_color=&#8221;#9e0606&#8243; background_enable_color=&#8221;on&#8221; global_colors_info=&#8221;{}&#8221; follow_button=&#8221;off&#8221; url_new_window=&#8221;on&#8221;]instagram[\/et_pb_social_media_follow_network][\/et_pb_social_media_follow][et_pb_cta button_text=&#8221;Click Here&#8221; admin_label=&#8221;Call To Action&#8221; _builder_version=&#8221;4.21.0&#8243; _module_preset=&#8221;default&#8221; header_font=&#8221;Montserrat|600|||||||&#8221; header_text_align=&#8221;left&#8221; header_text_color=&#8221;#0965a2&#8243; header_font_size=&#8221;15px&#8221; background_color=&#8221;RGBA(255,255,255,0)&#8221; max_width=&#8221;100%&#8221; module_alignment=&#8221;center&#8221; custom_margin=&#8221;-3px|-6px||0px|false|false&#8221; custom_padding=&#8221;0px|293px|29px|293px|false|true&#8221; global_colors_info=&#8221;{}&#8221;][\/et_pb_cta][et_pb_social_media_follow disabled_on=&#8221;off|on|off&#8221; admin_label=&#8221;Social Media Follow&#8221; _builder_version=&#8221;4.21.0&#8243; _module_preset=&#8221;default&#8221; custom_margin=&#8221;-4px|-10px||142px|false|false&#8221; custom_padding=&#8221;8px||||false|false&#8221; global_colors_info=&#8221;{}&#8221;][et_pb_social_media_follow_network social_network=&#8221;facebook&#8221; url=&#8221;https:\/\/www.facebook.com\/StudioeProgetto2\/&#8221; _builder_version=&#8221;4.21.0&#8243; _module_preset=&#8221;default&#8221; background_color=&#8221;#0c7a38&#8243; background_enable_color=&#8221;on&#8221; global_colors_info=&#8221;{}&#8221; follow_button=&#8221;off&#8221; url_new_window=&#8221;on&#8221;]facebook[\/et_pb_social_media_follow_network][et_pb_social_media_follow_network social_network=&#8221;instagram&#8221; url=&#8221;https:\/\/www.instagram.com\/studioeprogetto2\/&#8221; _builder_version=&#8221;4.21.0&#8243; _module_preset=&#8221;default&#8221; background_color=&#8221;#9e0606&#8243; background_enable_color=&#8221;on&#8221; global_colors_info=&#8221;{}&#8221; follow_button=&#8221;off&#8221; url_new_window=&#8221;on&#8221;]instagram[\/et_pb_social_media_follow_network][\/et_pb_social_media_follow][\/et_pb_column][\/et_pb_row][\/et_pb_section][et_pb_section fb_built=&#8221;1&#8243; disabled_on=&#8221;off|on|on&#8221; _builder_version=&#8221;4.21.0&#8243; _module_preset=&#8221;default&#8221; use_background_color_gradient=&#8221;on&#8221; background_color_gradient_direction=&#8221;91deg&#8221; background_color_gradient_stops=&#8221;#edf8fc 14%|rgba(255,255,255,0) 39%&#8221; custom_padding=&#8221;15px||4px|||&#8221; global_colors_info=&#8221;{}&#8221;][et_pb_row _builder_version=&#8221;4.21.0&#8243; _module_preset=&#8221;default&#8221; max_width=&#8221;1169px&#8221; module_alignment=&#8221;center&#8221; custom_margin=&#8221;-30px|109px||18px|false|false&#8221; custom_padding=&#8221;5px|||||&#8221; global_colors_info=&#8221;{}&#8221;][et_pb_column type=&#8221;4_4&#8243; _builder_version=&#8221;4.21.0&#8243; _module_preset=&#8221;default&#8221; global_colors_info=&#8221;{}&#8221;][et_pb_image src=&#8221;https:\/\/informacitta.oristano.studioprogetto2.it\/wp-content\/uploads\/2023\/06\/2.png&#8221; title_text=&#8221;2&#8243; _builder_version=&#8221;4.21.0&#8243; _module_preset=&#8221;default&#8221; width=&#8221;100%&#8221; max_width=&#8221;95%&#8221; module_alignment=&#8221;center&#8221; custom_margin=&#8221;40px||60px||false|false&#8221; custom_padding=&#8221;27px||||false|false&#8221; global_colors_info=&#8221;{}&#8221;][\/et_pb_image][et_pb_text disabled_on=&#8221;off|on|off&#8221; _builder_version=&#8221;4.21.0&#8243; _module_preset=&#8221;default&#8221; text_font=&#8221;Montserrat|800|||||||&#8221; text_text_color=&#8221;#0965a2&#8243; text_font_size=&#8221;25px&#8221; text_line_height=&#8221;1.2em&#8221; header_font=&#8221;Montserrat|700|||||||&#8221; header_font_size=&#8221;51px&#8221; text_orientation=&#8221;center&#8221; min_height=&#8221;12px&#8221; custom_margin=&#8221;-30px|0px||0px|false|true&#8221; custom_padding=&#8221;15px|0px||0px|false|true&#8221; global_colors_info=&#8221;{}&#8221;]<\/p>\n<p style=\"text-align: left;\">| La Nostra Mission<\/p>\n<p>[\/et_pb_text][et_pb_text disabled_on=&#8221;on|off|on&#8221; _builder_version=&#8221;4.21.0&#8243; _module_preset=&#8221;default&#8221; text_font=&#8221;Montserrat|800|||||||&#8221; text_text_color=&#8221;#0965a2&#8243; text_font_size=&#8221;28px&#8221; text_line_height=&#8221;1em&#8221; header_font=&#8221;Montserrat|700|||||||&#8221; header_font_size=&#8221;51px&#8221; text_orientation=&#8221;center&#8221; min_height=&#8221;12px&#8221; custom_margin=&#8221;12px|-255px||-537px|false|false&#8221; custom_padding=&#8221;35px|||19px|false|false&#8221; global_colors_info=&#8221;{}&#8221;]<\/p>\n<p>| La Nostra Mission<\/p>\n<p>[\/et_pb_text][et_pb_text _builder_version=&#8221;4.21.0&#8243; _module_preset=&#8221;default&#8221; text_font=&#8221;Montserrat|300|||||||&#8221; text_text_color=&#8221;#02385c&#8221; text_font_size=&#8221;13px&#8221; background_layout=&#8221;dark&#8221; custom_margin=&#8221;0px||||false|false&#8221; custom_padding=&#8221;3px|10px||10px|false|true&#8221; global_colors_info=&#8221;{}&#8221;]<\/p>\n<p style=\"text-align: justify;\"><span style=\"font-size: large;\">Il nostro obiettivo \u00e8 quello di fornire supporti informativi e di primo orientamento che consentano ai cittadini di compiere le scelte pi\u00f9 opportune e consapevoli rispetto al proprio futuro.\u00a0<\/span><\/p>\n<p style=\"text-align: justify;\"><span style=\"font-size: large;\">Ecco perch\u00e9 cerchiamo di offrire un&#8217;informazione trasversale e completa in grado di abbracciare numerosissime aree tematiche: \u00a0dai temi della salute, ai diritti del cittadino, alla solidariet\u00e0 sociale, allo sport, al tempo libero, al lavoro, all\u2019istruzione e alla formazione professionale.\u00a0<\/span><br \/><span style=\"font-size: large;\"><\/span><br \/><span style=\"font-size: large;\"><\/span><\/p>\n<p style=\"text-align: justify;\"><span style=\"font-size: large;\"><\/span><\/p>\n<p><span><\/span><\/p>\n<p>[\/et_pb_text][\/et_pb_column][\/et_pb_row][et_pb_row _builder_version=&#8221;4.21.0&#8243; _module_preset=&#8221;default&#8221; max_width=&#8221;1169px&#8221; module_alignment=&#8221;center&#8221; custom_margin=&#8221;-40px|109px||18px|false|false&#8221; custom_padding=&#8221;5px|||||&#8221; global_colors_info=&#8221;{}&#8221;][et_pb_column type=&#8221;4_4&#8243; _builder_version=&#8221;4.21.0&#8243; _module_preset=&#8221;default&#8221; global_colors_info=&#8221;{}&#8221;][et_pb_image src=&#8221;https:\/\/informacitta.oristano.studioprogetto2.it\/wp-content\/uploads\/2023\/06\/3.png&#8221; title_text=&#8221;3&#8243; src_tablet=&#8221;https:\/\/informacitta.oristano.studioprogetto2.it\/wp-content\/uploads\/2023\/06\/3.png&#8221; src_phone=&#8221;https:\/\/informacitta.oristano.studioprogetto2.it\/wp-content\/uploads\/2023\/06\/3.png&#8221; src_last_edited=&#8221;on|desktop&#8221; _builder_version=&#8221;4.21.0&#8243; _module_preset=&#8221;default&#8221; width=&#8221;100%&#8221; max_width=&#8221;95%&#8221; module_alignment=&#8221;center&#8221; custom_margin=&#8221;40px||60px||false|false&#8221; custom_padding=&#8221;27px||||false|false&#8221; global_colors_info=&#8221;{}&#8221;][\/et_pb_image][et_pb_text disabled_on=&#8221;off|on|off&#8221; _builder_version=&#8221;4.21.0&#8243; _module_preset=&#8221;default&#8221; text_font=&#8221;Montserrat|800|||||||&#8221; text_text_color=&#8221;#0965a2&#8243; text_font_size=&#8221;25px&#8221; text_line_height=&#8221;1.2em&#8221; header_font=&#8221;Montserrat|700|||||||&#8221; header_font_size=&#8221;51px&#8221; text_orientation=&#8221;center&#8221; min_height=&#8221;12px&#8221; custom_margin=&#8221;-28px|9px||9px|false|true&#8221; custom_padding=&#8221;15px|0px||0px|false|true&#8221; global_colors_info=&#8221;{}&#8221;]<\/p>\n<p style=\"text-align: left;\">| Studio &amp; Progetto 2<\/p>\n<p>[\/et_pb_text][et_pb_text disabled_on=&#8221;on|off|on&#8221; _builder_version=&#8221;4.21.0&#8243; _module_preset=&#8221;default&#8221; text_font=&#8221;Montserrat|800|||||||&#8221; text_text_color=&#8221;#0965a2&#8243; text_font_size=&#8221;28px&#8221; text_line_height=&#8221;1em&#8221; header_font=&#8221;Montserrat|700|||||||&#8221; header_font_size=&#8221;51px&#8221; text_orientation=&#8221;center&#8221; min_height=&#8221;12px&#8221; custom_margin=&#8221;2px|-255px||-505px|false|false&#8221; custom_padding=&#8221;35px|||19px|false|false&#8221; global_colors_info=&#8221;{}&#8221;]<\/p>\n<p>| Studio &amp; Progetto 2<\/p>\n<p>[\/et_pb_text][et_pb_text _builder_version=&#8221;4.21.0&#8243; _module_preset=&#8221;default&#8221; text_font=&#8221;Montserrat|300|||||||&#8221; text_text_color=&#8221;#02385c&#8221; text_font_size=&#8221;13px&#8221; background_layout=&#8221;dark&#8221; custom_margin=&#8221;0px||||false|false&#8221; custom_padding=&#8221;3px|10px||10px|false|true&#8221; global_colors_info=&#8221;{}&#8221;]<\/p>\n<p style=\"text-align: justify;\"><span style=\"font-size: large;\">Il progetto cresce e si concretizza maggiormente nel 1999 grazie alla Cooperativa sociale Studio e Progetto 2, una societ\u00e0 senza fini di lucro che opera nel campo della gestione dell\u2019informazione, dei servizi, della promozione sociale e dello sviluppo socio-economico del territorio. <\/span><\/p>\n<p style=\"text-align: justify;\"><span style=\"font-size: large;\">La cooperativa nasce nel 1992 dal consolidamento e dall\u2019elaborazione di idee ed esperienze maturate da professionisti del sociale, della comunicazione e della gestione delle risorse. Un connubio importante che ha consentito la creazione di progetti di informazione, consulenza, orientamento, aggregazione e prevenzione del disagio<\/span><\/p>\n<p style=\"text-align: justify;\"><span style=\"font-size: large;\"><\/span><\/p>\n<p>[\/et_pb_text][et_pb_social_media_follow disabled_on=&#8221;off|on|on&#8221; admin_label=&#8221;Social Media Follow&#8221; _builder_version=&#8221;4.21.0&#8243; _module_preset=&#8221;default&#8221; text_orientation=&#8221;center&#8221; module_alignment=&#8221;center&#8221; custom_margin=&#8221;-4px|0px||0px|false|true&#8221; custom_padding=&#8221;8px|0px||0px|false|true&#8221; global_colors_info=&#8221;{}&#8221;][et_pb_social_media_follow_network social_network=&#8221;facebook&#8221; url=&#8221;https:\/\/www.facebook.com\/StudioeProgetto2\/&#8221; _builder_version=&#8221;4.21.0&#8243; _module_preset=&#8221;default&#8221; background_color=&#8221;#0c7a38&#8243; background_enable_color=&#8221;on&#8221; global_colors_info=&#8221;{}&#8221; follow_button=&#8221;off&#8221; url_new_window=&#8221;on&#8221;]facebook[\/et_pb_social_media_follow_network][et_pb_social_media_follow_network social_network=&#8221;instagram&#8221; url=&#8221;https:\/\/www.instagram.com\/studioeprogetto2\/&#8221; _builder_version=&#8221;4.21.0&#8243; _module_preset=&#8221;default&#8221; background_color=&#8221;#9e0606&#8243; background_enable_color=&#8221;on&#8221; global_colors_info=&#8221;{}&#8221; follow_button=&#8221;off&#8221; url_new_window=&#8221;on&#8221;]instagram[\/et_pb_social_media_follow_network][\/et_pb_social_media_follow][et_pb_social_media_follow disabled_on=&#8221;on|off|on&#8221; admin_label=&#8221;Social Media Follow&#8221; _builder_version=&#8221;4.21.0&#8243; _module_preset=&#8221;default&#8221; text_orientation=&#8221;center&#8221; module_alignment=&#8221;center&#8221; custom_margin=&#8221;-10px|277px|70px|277px|false|true&#8221; custom_padding=&#8221;8px||||false|false&#8221; global_colors_info=&#8221;{}&#8221;][et_pb_social_media_follow_network social_network=&#8221;facebook&#8221; url=&#8221;https:\/\/www.facebook.com\/StudioeProgetto2\/&#8221; _builder_version=&#8221;4.21.0&#8243; _module_preset=&#8221;default&#8221; background_color=&#8221;#0c7a38&#8243; background_enable_color=&#8221;on&#8221; global_colors_info=&#8221;{}&#8221; follow_button=&#8221;off&#8221; url_new_window=&#8221;on&#8221;]facebook[\/et_pb_social_media_follow_network][et_pb_social_media_follow_network social_network=&#8221;instagram&#8221; url=&#8221;https:\/\/www.instagram.com\/studioeprogetto2\/&#8221; _builder_version=&#8221;4.21.0&#8243; _module_preset=&#8221;default&#8221; background_color=&#8221;#9e0606&#8243; background_enable_color=&#8221;on&#8221; global_colors_info=&#8221;{}&#8221; follow_button=&#8221;off&#8221; url_new_window=&#8221;on&#8221;]instagram[\/et_pb_social_media_follow_network][\/et_pb_social_media_follow][\/et_pb_column][\/et_pb_row][\/et_pb_section][et_pb_section fb_built=&#8221;1&#8243; disabled_on=&#8221;on|on|off&#8221; _builder_version=&#8221;4.21.0&#8243; _module_preset=&#8221;default&#8221; use_background_color_gradient=&#8221;on&#8221; background_color_gradient_direction=&#8221;91deg&#8221; background_color_gradient_stops=&#8221;#edf8fc 15%|rgba(255,255,255,0) 39%&#8221; custom_padding=&#8221;3px||165px|||&#8221; global_colors_info=&#8221;{}&#8221;][et_pb_row column_structure=&#8221;1_2,1_2&#8243; _builder_version=&#8221;4.21.0&#8243; _module_preset=&#8221;default&#8221; width=&#8221;83%&#8221; max_width=&#8221;1053px&#8221; custom_margin=&#8221;|auto||155px||&#8221; custom_padding=&#8221;123px|||||&#8221; global_colors_info=&#8221;{}&#8221;][et_pb_column type=&#8221;1_2&#8243; _builder_version=&#8221;4.21.0&#8243; _module_preset=&#8221;default&#8221; global_colors_info=&#8221;{}&#8221;][et_pb_image src=&#8221;https:\/\/informacitta.oristano.studioprogetto2.it\/wp-content\/uploads\/2023\/06\/3.png&#8221; title_text=&#8221;3&#8243; _builder_version=&#8221;4.21.0&#8243; _module_preset=&#8221;default&#8221; max_width=&#8221;80%&#8221; min_height=&#8221;239px&#8221; custom_padding=&#8221;80px|||3px|false|false&#8221; global_colors_info=&#8221;{}&#8221;][\/et_pb_image][\/et_pb_column][et_pb_column type=&#8221;1_2&#8243; _builder_version=&#8221;4.21.0&#8243; _module_preset=&#8221;default&#8221; global_colors_info=&#8221;{}&#8221;][et_pb_text _builder_version=&#8221;4.21.0&#8243; _module_preset=&#8221;default&#8221; text_font=&#8221;Montserrat|800|||||||&#8221; text_text_color=&#8221;#0965a2&#8243; text_font_size=&#8221;45px&#8221; text_line_height=&#8221;1em&#8221; header_font=&#8221;Montserrat|700|||||||&#8221; header_font_size=&#8221;51px&#8221; min_height=&#8221;12px&#8221; custom_margin=&#8221;|-255px||-59px||&#8221; custom_padding=&#8221;|||66px||&#8221; global_colors_info=&#8221;{}&#8221;]<\/p>\n<p>| Studio e Progetto 2<\/p>\n<p>[\/et_pb_text][et_pb_text _builder_version=&#8221;4.21.0&#8243; _module_preset=&#8221;default&#8221; text_font=&#8221;Montserrat|300|||||||&#8221; text_text_color=&#8221;#02385c&#8221; text_font_size=&#8221;22px&#8221; header_font=&#8221;Montserrat||||||||&#8221; text_orientation=&#8221;justified&#8221; background_layout=&#8221;dark&#8221; custom_margin=&#8221;0px|-178px|||false|false&#8221; custom_padding=&#8221;56px|32px||15px|false|false&#8221; global_colors_info=&#8221;{}&#8221;]<\/p>\n<p style=\"text-align: justify;\"><span style=\"font-size: large;\">Il progetto cresce e si concretizza maggiormente nel 1999 grazie alla Cooperativa sociale Studio e Progetto 2, una societ\u00e0 senza fini di lucro che opera nel campo della gestione dell\u2019informazione, dei servizi, della promozione sociale e dello sviluppo socio-economico del territorio. <\/span><\/p>\n<p style=\"text-align: justify;\"><span style=\"font-size: large;\">La cooperativa nasce nel 1992 dal consolidamento e dall\u2019elaborazione di idee ed esperienze maturate da professionisti del sociale, della comunicazione e della gestione delle risorse. Un connubio importante che ha consentito la creazione di progetti di informazione, consulenza, orientamento, aggregazione e prevenzione del disagio<\/span><span><\/span><span><\/span><span><\/span><\/p>\n<p><span><\/span><\/p>\n<p>[\/et_pb_text][et_pb_cta title=&#8221;Scopri di pi\u00f9 sulle attivit\u00e0 promosse dalla Cooperativa!&#8221; button_text=&#8221;Click Here&#8221; disabled_on=&#8221;on|on|off&#8221; _builder_version=&#8221;4.21.0&#8243; _module_preset=&#8221;default&#8221; header_font=&#8221;Montserrat|600|||||||&#8221; header_text_color=&#8221;#0965a2&#8243; background_color=&#8221;RGBA(255,255,255,0)&#8221; custom_margin=&#8221;|-167px||||&#8221; global_colors_info=&#8221;{}&#8221;][\/et_pb_cta][et_pb_social_media_follow use_icon_font_size=&#8221;on&#8221; icon_font_size=&#8221;18px&#8221; _builder_version=&#8221;4.21.0&#8243; _module_preset=&#8221;default&#8221; custom_margin=&#8221;-66px|-10px||316px|false|false&#8221; custom_padding=&#8221;34px|0px||0px|false|true&#8221; global_colors_info=&#8221;{}&#8221;][et_pb_social_media_follow_network social_network=&#8221;facebook&#8221; url=&#8221;https:\/\/www.facebook.com\/StudioeProgetto2\/&#8221; _builder_version=&#8221;4.21.0&#8243; _module_preset=&#8221;default&#8221; background_color=&#8221;#0c7a38&#8243; background_enable_color=&#8221;on&#8221; global_colors_info=&#8221;{}&#8221; follow_button=&#8221;off&#8221; url_new_window=&#8221;on&#8221;]facebook[\/et_pb_social_media_follow_network][et_pb_social_media_follow_network social_network=&#8221;instagram&#8221; url=&#8221;https:\/\/www.instagram.com\/studioeprogetto2\/&#8221; _builder_version=&#8221;4.21.0&#8243; _module_preset=&#8221;default&#8221; background_color=&#8221;#9e0606&#8243; background_enable_color=&#8221;on&#8221; global_colors_info=&#8221;{}&#8221; follow_button=&#8221;off&#8221; url_new_window=&#8221;on&#8221;]instagram[\/et_pb_social_media_follow_network][\/et_pb_social_media_follow][\/et_pb_column][\/et_pb_row][\/et_pb_section]<\/p>\n","protected":false},"excerpt":{"rendered":"<p>| Chi SiamoL\u2019informacitt\u00e0 \u00e8 un servizio gratuito di accoglienza, informazione e orientamento destinato ai giovani e all\u2019intera comunit\u00e0 che affonda le sue radici nel 1994 con l&#8217;apertura della nostra prima sede in via Lazio.\u00a0 Grazie ad aggiornamenti costanti, e all&#8217;appoggio della Cooperativa Sociale Studio e Progetto 2, ogni giorno lavoriamo per guidare la comunit\u00e0 verso [&hellip;]<\/p>\n","protected":false},"author":4,"featured_media":0,"parent":0,"menu_order":0,"comment_status":"closed","ping_status":"closed","template":"","meta":{"_et_pb_use_builder":"on","_et_pb_old_content":"","_et_gb_content_width":""},"_links":{"self":[{"href":"https:\/\/informacitta.oristano.studioprogetto2.it\/index.php?rest_route=\/wp\/v2\/pages\/288"}],"collection":[{"href":"https:\/\/informacitta.oristano.studioprogetto2.it\/index.php?rest_route=\/wp\/v2\/pages"}],"about":[{"href":"https:\/\/informacitta.oristano.studioprogetto2.it\/index.php?rest_route=\/wp\/v2\/types\/page"}],"author":[{"embeddable":true,"href":"https:\/\/informacitta.oristano.studioprogetto2.it\/index.php?rest_route=\/wp\/v2\/users\/4"}],"replies":[{"embeddable":true,"href":"https:\/\/informacitta.oristano.studioprogetto2.it\/index.php?rest_route=%2Fwp%2Fv2%2Fcomments&post=288"}],"version-history":[{"count":105,"href":"https:\/\/informacitta.oristano.studioprogetto2.it\/index.php?rest_route=\/wp\/v2\/pages\/288\/revisions"}],"predecessor-version":[{"id":5236,"href":"https:\/\/informacitta.oristano.studioprogetto2.it\/index.php?rest_route=\/wp\/v2\/pages\/288\/revisions\/5236"}],"wp:attachment":[{"href":"https:\/\/informacitta.oristano.studioprogetto2.it\/index.php?rest_route=%2Fwp%2Fv2%2Fmedia&parent=288"}],"curies":[{"name":"wp","href":"https:\/\/api.w.org\/{rel}","templated":true}]}}